{"id":6315,"date":"2024-03-04T11:37:20","date_gmt":"2024-03-04T10:37:20","guid":{"rendered":"https:\/\/euregio-vocalworkshop.eu\/?page_id=6315"},"modified":"2024-05-08T10:38:47","modified_gmt":"2024-05-08T08:38:47","slug":"programma","status":"publish","type":"page","link":"https:\/\/euregio-vocalworkshop.eu\/nl\/programma\/","title":{"rendered":"Programma on stage 2024"},"content":{"rendered":"\t\t<div data-elementor-type=\"wp-page\" data-elementor-id=\"6315\" class=\"elementor elementor-6315 elementor-6314\" data-elementor-settings=\"{&quot;ha_cmc_init_switcher&quot;:&quot;no&quot;}\" data-elementor-post-type=\"page\">\n\t\t\t\t<div class=\"elementor-element elementor-element-f99c43e e-con-full e-flex e-con e-parent\" data-id=\"f99c43e\" data-element_type=\"container\">\n\t\t\t\t<div class=\"elementor-element elementor-element-87cbca4 elementor-widget elementor-widget-image\" data-id=\"87cbca4\" data-element_type=\"widget\" data-widget_type=\"image.default\">\n\t\t\t\t<div class=\"elementor-widget-container\">\n\t\t\t\t\t\t\t\t\t\t\t\t\t\t\t<img fetchpriority=\"high\" decoding=\"async\" width=\"2560\" height=\"1435\" src=\"https:\/\/euregio-vocalworkshop.eu\/wp-content\/uploads\/Notenblatt.webp\" class=\"attachment-full size-full wp-image-6335\" alt=\"\" srcset=\"https:\/\/euregio-vocalworkshop.eu\/wp-content\/uploads\/Notenblatt.webp 2560w, https:\/\/euregio-vocalworkshop.eu\/wp-content\/uploads\/Notenblatt-300x168.webp 300w, https:\/\/euregio-vocalworkshop.eu\/wp-content\/uploads\/Notenblatt-1024x574.webp 1024w, https:\/\/euregio-vocalworkshop.eu\/wp-content\/uploads\/Notenblatt-1536x861.webp 1536w, https:\/\/euregio-vocalworkshop.eu\/wp-content\/uploads\/Notenblatt-2048x1148.webp 2048w, https:\/\/euregio-vocalworkshop.eu\/wp-content\/uploads\/Notenblatt-510x286.webp 510w, https:\/\/euregio-vocalworkshop.eu\/wp-content\/uploads\/Notenblatt-690x387.webp 690w, https:\/\/euregio-vocalworkshop.eu\/wp-content\/uploads\/Notenblatt-930x521.webp 930w, https:\/\/euregio-vocalworkshop.eu\/wp-content\/uploads\/Notenblatt-1110x622.webp 1110w, https:\/\/euregio-vocalworkshop.eu\/wp-content\/uploads\/Notenblatt-1320x740.webp 1320w\" sizes=\"(max-width: 2560px) 100vw, 2560px\" \/>\t\t\t\t\t\t\t\t\t\t\t\t\t\t\t<\/div>\n\t\t\t\t<\/div>\n\t\t\t\t<\/div>\n\t\t<div class=\"elementor-element elementor-element-32b5e8c e-flex e-con-boxed e-con e-parent\" data-id=\"32b5e8c\" data-element_type=\"container\">\n\t\t\t\t\t<div class=\"e-con-inner\">\n\t\t\t\t<div class=\"elementor-element elementor-element-394a65e elementor-invisible elementor-widget elementor-widget-heading\" data-id=\"394a65e\" data-element_type=\"widget\" data-settings=\"{&quot;_animation&quot;:&quot;fadeIn&quot;,&quot;_animation_delay&quot;:400}\" data-widget_type=\"heading.default\">\n\t\t\t\t<div class=\"elementor-widget-container\">\n\t\t\t\t\t<h1 class=\"elementor-heading-title elementor-size-default\">PROGRAMMA <br>On stage 2024\n<small><span style=\"color: var( --e-global-color-text ); font-size: 2.2em;\"><\/span><span style=\"color: var( --e-global-color-text ); font-size: 2.2em;\"><\/span><\/small><\/h1>\t\t\t\t<\/div>\n\t\t\t\t<\/div>\n\t\t\t\t<div class=\"elementor-element elementor-element-1a3341b elementor-widget elementor-widget-text-editor\" data-id=\"1a3341b\" data-element_type=\"widget\" data-widget_type=\"text-editor.default\">\n\t\t\t\t<div class=\"elementor-widget-container\">\n\t\t\t\t\t\t\t\t\t<p>Hieronder vind je het schema voor ons 2-daagse evenement &#8220;on stage&#8221;.<\/p>\n\t\t\t\t\t\t\t\t<\/div>\n\t\t\t\t<\/div>\n\t\t\t\t\t<\/div>\n\t\t\t\t<\/div>\n\t\t<div class=\"elementor-element elementor-element-5d8e3ca programm-tables e-flex e-con-boxed e-con e-parent\" data-id=\"5d8e3ca\" data-element_type=\"container\">\n\t\t\t\t\t<div class=\"e-con-inner\">\n\t\t\t\t<div class=\"elementor-element elementor-element-2fd938b elementor-widget elementor-widget-html\" data-id=\"2fd938b\" data-element_type=\"widget\" data-widget_type=\"html.default\">\n\t\t\t\t<div class=\"elementor-widget-container\">\n\t\t\t\t\t<style>.programm-tables th {\n    border-block-start: 0 !important;\n}\n\n.programm-tables th {\n    text-align: left;\n    border: 0;\n    padding: 0;\n    font-size: 1.2em;\n    text-transform: uppercase;\n}\n\n.programm-tables td {\n    text-align: left;\n    border: 0;\n    padding: .4em .7em;\n}\n\n.programm-tables tr:nth-child(odd) td,\n.programm-tables tr:nth-child(odd):is(:hover, :focus) td {\n    background: #f2f2f2;\n}\n\n.programm-tables tr:is(:hover, :focus) td {\n    background: #fff;\n}\n<\/style>\t\t\t\t<\/div>\n\t\t\t\t<\/div>\n\t\t\t\t<div class=\"elementor-element elementor-element-0efcf70 elementor-widget elementor-widget-html\" data-id=\"0efcf70\" data-element_type=\"widget\" data-widget_type=\"html.default\">\n\t\t\t\t<div class=\"elementor-widget-container\">\n\t\t\t\t\t<table>\n\t<thead>\n\t\t<tr>\n\t\t\t<th colspan=\"2\">Programma on Stage<\/th>\n\t\t\t<th>Zaterdag 16 Maart<\/th>\n\t\t<\/tr>\n\t<\/thead>\n\t<tbody>\n\t\t<tr>\n\t\t\t<td>14:00<\/td>\n\t\t\t<td><\/td>\n\t\t\t<td><span style=\"font-weight: 600; text-transform: uppercase\"><strong>Welkom<\/strong><\/span><\/td>\n\t\t<\/tr>\n\t\t<tr>\n\t\t\t<td width=\"10%\">14:15<\/td>\n\t\t\t<td width=\"30%\">Andrea Zylka<\/td>\n\t\t\t<td>\n Voi che sapete - Wolfgang A Mozart<br>\n Porgi amor qualche ristoro - Wolfgang A Mozart<br>\n Lascia ch'io pianga - Georg F H\u00e4ndel\n\t\t\t<\/td>\n\t\t<\/tr>\n\t\t<tr>\n\t\t\t<td>14:30<\/td>\n\t\t\t<td>Carolin Schumann<\/td>\n\t\t\t<td>\n Weight of the world - Keiichi Okabe<br>\n You will be OK - Sam Haft<br>\n Almost there - Randy Newman\n\t\t\t<\/td>\n\t\t<\/tr>\n\t\t<tr>\n\t\t\t<td>14:45<\/td>\n\t\t\t<td>Cynthia Torka<\/td>\n\t\t\t<td>Morgen - R Strauss<br>O w\u00e4r ich schon mit dir vereint - Ludwig v Beethoven<br>A simple song - Leonard Bernstein<\/td>\n\t\t<\/tr>\n\t\t<tr>\n\t\t\t<td>15:00<\/td>\n\t\t\t<td>Guus Berkhout<\/td>\n\t\t\t<td>Somewhere - Leonard Bernstein <br>Asturiana - Manuel de Falla<\/td>\n\t\t<\/tr>\n\t\t<tr>\n\t\t\t<td>15:15<\/td>\n\t\t\t<td>Gerdien Paalman<\/td>\n\t\t\t<td>Ave Maria - FranzSchubert<br>L'heure exquise - Reynaldo Hahn<br>Over the rainbow - Harold Arlen<\/td>\n\t\t<\/tr>\n\t\t<tr>\n\t\t\t<td>15:30<\/td>\n\t\t\t<td>C\u00e9cile vd Boogaard<\/td>\n\t\t\t<td>Evensong - Liza Lehmann<br>An die Musik - Franz Schubert <br>Rise up - Andra Day<\/td>\n\t\t<\/tr>\n\t\t<tr>\n\t\t\t<td>15:45<\/td>\n\t\t\t<td><\/td>\n\t\t\t<td colspan=\"2\"><strong>PAUZE<\/strong><\/td>\n\t\t<\/tr>\n\t\t<tr>\n\t\t\t<td>16:15<\/td>\n\t\t\t<td>Anne Kupila<\/td>\n\t\t\t<td>\n Lohtu (Trost) - Tuomas Holopainen<br>\n Suojesenkel (Schutzengel) - Pekka Hannikainen<br>\n Taivas on sininen ja valkoinen - Volkslied\n\t\t\t<\/td>\n\t\t<\/tr>\n\t\t<tr>\n\t\t\t<td>16:30<\/td>\n\t\t\t<td>Holger Bertmer<\/td>\n\t\t\t<td>\n Ombra mai fu - Georg F H\u00e4ndel<br>\n Panis Angelicus - C\u00e9sar Franck<br>\n Ombra di Nube - Licinio Refice\n\t\t\t<\/td>\n\t\t<\/tr>\n\t\t<tr>\n\t\t\t<td>16:45<\/td>\n\t\t\t<td>Sabine Sander<\/td>\n\t\t\t<td>\n Im Fr\u00fchlingsanfang - Wolfgang A Mozart<br>\n Haec est Regina virginum - Georg F H\u00e4ndel<br>\n Pie Jesu - Gabriel Faur\u00e9\n\t\t\t<\/td>\n\t\t<\/tr>\n\t\t<tr>\n\t\t\t<td>17:00<\/td>\n\t\t\t<td>Martin van Tulder<\/td>\n\t\t\t<td>\n Liebster Herr Jesu, wo bleibst du so lange? - Johann S Bach<br>\n Oft denk' ich, sie sind nur ausgegangen! - Gustav Mahler<br>\n La tendresse - Jacques Brel\n\t\t\t<\/td>\n\t\t<\/tr>\n\t<\/tbody>\n<\/table>\n\t\t\t\t<\/div>\n\t\t\t\t<\/div>\n\t\t\t\t<div class=\"elementor-element elementor-element-d967edd elementor-widget elementor-widget-html\" data-id=\"d967edd\" data-element_type=\"widget\" data-widget_type=\"html.default\">\n\t\t\t\t<div class=\"elementor-widget-container\">\n\t\t\t\t\t<table>\n\t<thead>\n\t\t<tr>\n\t\t\t<th colspan=\"2\">Programma on Stage<\/th>\n\t\t\t<th>Zondag 17 Maart<\/th>\n\t\t<\/tr>\n\t<\/thead>\n\t<tbody>\n\t\t<tr>\n\t\t\t<td>10:00<\/td>\n\t\t\t<td><\/td>\n\t\t\t<td><span style=\"font-weight: 600; text-transform: uppercase\"><strong>Welkom<\/strong><\/span><\/td>\n\t\t<\/tr>\n\t\t<tr>\n\t\t\t<td width=\"10%\">10:15<\/td>\n\t\t\t<td width=\"30%\">Janneke Postma<\/td>\n\t\t\t<td>Bist du bei mir - JS Bach \/ St\u00f6lzel arr Liebergen<br>Whispering Hope - Alice Hawthorne<br>Irish Blessing - Bob Chilcott<\/td>\n\t\t<\/tr>\n\t\t<tr>\n\t\t\t<td>10:30<\/td>\n\t\t\t<td>Rachel Westerveld<\/td>\n\t\t\t<td>Bist du bei mir - Johann S Bach \/ St\u00f6lzel<br>Panis Angelicus - C\u00e9sar Franck<br>Lascia ch'io pianga - Georg F H\u00e4ndel<\/td>\n\t\t<\/tr>\n\t\t<tr>\n\t\t\t<td>10:45<\/td>\n\t\t\t<td>Maaike van Bodegom<\/td>\n\t\t\t<td>Can you hear me? - Bob Chilcott<br>Band of brothers - Michael Kamen<br>Quia respexit humilitatem - Johann S Bach<\/td>\n\t\t<\/tr>\n\t\t<tr>\n\t\t\t<td>11:00<\/td>\n\t\t\t<td>Tanja Veenstra<\/td>\n\t\t\t<td>Me voici dans son boudoir - Ambroise Thomas<br>Von ewiger Liebe - Johannes Brahms<br>Printemps qui commence - Camille Saint-Sa\u00ebns<\/td>\n\t\t<\/tr>\n\t\t<tr>\n\t\t\t<td>11:15<\/td>\n\t\t\t<td>Ilse van Griensven<\/td>\n\t\t\t<td>Zing dan - Nino Rota arr J Bremer<br>Ave Maria - Ch Gounod \/ JS Bach versie Noa<\/td>\n\t\t<\/tr>\n\t\t<tr>\n\t\t\t<td>11:30<\/td>\n\t\t\t<td><\/td>\n\t\t\t<\/td><td colspan=\"2\"><strong>PAUZE<\/strong><\/td>\n\t\t<\/tr>\n\t\t<tr>\n\t\t\t<td>12:00<\/td>\n\t\t\t<td>Herman Weggen<\/td>\n\t\t\t<td>Nature Boy - Eden Ahbez<br>When I have sung my songs - Ernest Charles<br>Youkali - Kurt Weill<\/td>\n\t\t<\/tr>\n\t\t<tr>\n\t\t\t<td>12:15<\/td>\n\t\t\t<td>Almut K\u00f6hnen<\/td>\n\t\t\t<td>Selve amiche - Antonio Caldara<br>Se tu m'ami - Alessandro Parisotti<\/td>\n\t\t<\/tr>\n\t\t<tr>\n\t\t\t<td>12:30<\/td>\n\t\t\t<td>Natalie Sowinski<\/td>\n\t\t\t<td>Even in Death - Amy Lee-Hartzler e.a.<br>Il dolce suono - Gaetano Donizetti<br>A dream is a wish your heart makes - Mack David e.a.<\/td>\n\t\t<\/tr>\n\t\t<tr>\n\t\t\t<td>12:45<\/td>\n\t\t\t<td>Anja Hartmann<\/td>\n\t\t\t<td>Wie bang hat dich mein Lied beweint - Carl PE Bach<br>Dove sono i bei momenti - Wolfgang A Mozart<br>Wie nahte mir der Schlummer - Carl M v Weber<\/td>\n\t\t<\/tr>\n\t\t<tr>\n\t\t\t<td>13:00<\/td>\n\t\t\t<td><\/td>\n\t\t\t<td colspan=\"2\"><strong>LUNCH<\/strong><\/td>\n\t\t<\/tr>\n\t\t<tr>\n\t\t\t<td>13:45<\/td>\n\t\t\t<td><\/td><\/td><td colspan=\"2\"><strong>WELKOM<\/strong><\/td>\n\t\t<\/tr>\n\t\t<tr>\n\t\t\t<td>14:00<\/td>\n\t\t\t<td>Claudia Vickus<\/td>\n\t\t\t<td>Irgendwo auf der Welt - Werner Heymann<br>Tanz mich bis zur Liebe Schluss - Leonard Cohen<br>So oder so ist das Leben - Theodor Mackeden<\/td>\n\t\t<\/tr>\n\t\t<tr>\n\t\t\t<td>14:15<\/td>\n\t\t\t<td>Monika Schreckling &amp; Ansgar Becker<\/td>\n\t\t\t<td>The Rose - Amanda McBroom<br>Let's call the whole thing off - George Gershwin<br>Shallow - Stefani Germanotta e.a.<\/td>\n\t\t<\/tr>\n\t\t<tr>\n\t\t\t<td>14:30<\/td>\n\t\t\t<td>Yves-luc Hansen<\/td>\n\t\t\t<td>Whither must I wander? - Ralph Vaughan Williams<br>Rain in Spring - Ned Rorem<br>Always - Irving Berlin<\/td>\n\t\t<\/tr>\n\t\t<tr>\n\t\t\t<td>14:45<\/td>\n\t\t\t<td>Sascha Tomb\u00fclt<\/td>\n\t\t\t<td>Stars - Claude-Michel Sch\u00f6nberg<br>Make them hear you - Stephan Flaherty<br>If I can't love her - Alan Menken<\/td>\n\t\t<\/tr>\n\t\t<tr>\n\t\t\t<td>15:00<\/td>\n\t\t\t<td><\/td>\n\t\t\t<td colspan=\"2\"><strong>PAUZE<\/strong><\/td>\n\t\t<\/tr>\n\t\t<tr>\n\t\t\t<td>15:15<\/td>\n\t\t\t<td>William Finders<\/td>\n\t\t\t<td>Personal Jesus - Martin L Gore<br>Hurt - Trent Reznor<br>Song sung blue - Neil Diamond<\/td>\n\t\t<\/tr>\n\t\t<tr>\n\t\t\t<td>15:30<\/td>\n\t\t\t<td>Coralie Rothstein<\/td>\n\t\t\t<td>Christmas Lullaby - Jason R Brown<br>Somewhere - Leonard Bernstein<\/td>\n\t\t<\/tr>\n\t\t<tr>\n\t\t\t<td>15:45<\/td>\n\t\t\t<td>Alexandra Schoo<\/td>\n\t\t\t<td>Maybe this time - John Kander<br>I'm here - Brenda Russel e.a.<br>Always starting over - Tom Kitt<\/td>\n\t\t<\/tr>\n\t\t<tr>\n\t\t\t<td>\u00b1 16:00<\/td>\n\t\t\t<td><strong>UITERLIJK 'VOCAL VIBES'<\/strong><\/td>\n\t\t\t<td colspan=\"2\"><strong>Zanggroep uit Arnhem<\/strong><\/td>\n\t\t<\/tr>\n\t\t<tr>\n\t\t\t<td>\u00b1 17:00<\/td>\n\t\t\t<td><\/td>\n\t\t\t<td colspan=\"2\"><strong>UITSLAG<\/strong><\/td>\n\t\t<\/tr>\n\t<\/tbody>\n<\/table>\n\t\t\t\t<\/div>\n\t\t\t\t<\/div>\n\t\t\t\t\t<\/div>\n\t\t\t\t<\/div>\n\t\t\t\t<section class=\"elementor-section elementor-top-section elementor-element elementor-element-feed2fe elementor-section-boxed elementor-section-height-default elementor-section-height-default\" data-id=\"feed2fe\" data-element_type=\"section\">\n\t\t\t\t\t\t<div class=\"elementor-container elementor-column-gap-default\">\n\t\t\t\t\t<div class=\"elementor-column elementor-col-100 elementor-top-column elementor-element elementor-element-c3c5d6d\" data-id=\"c3c5d6d\" data-element_type=\"column\">\n\t\t\t<div class=\"elementor-widget-wrap elementor-element-populated\">\n\t\t\t\t\t\t<div class=\"elementor-element elementor-element-60ab24b elementor-invisible elementor-widget elementor-widget-heading\" data-id=\"60ab24b\" data-element_type=\"widget\" data-settings=\"{&quot;_animation&quot;:&quot;fadeIn&quot;,&quot;_animation_delay&quot;:400}\" data-widget_type=\"heading.default\">\n\t\t\t\t<div class=\"elementor-widget-container\">\n\t\t\t\t\t<h1 class=\"elementor-heading-title elementor-size-default\">Meer over dit evenement<\/h1>\t\t\t\t<\/div>\n\t\t\t\t<\/div>\n\t\t\t\t\t<\/div>\n\t\t<\/div>\n\t\t\t\t\t<\/div>\n\t\t<\/section>\n\t\t<div class=\"elementor-element elementor-element-587cf69 e-flex e-con-boxed e-con e-parent\" data-id=\"587cf69\" data-element_type=\"container\">\n\t\t\t\t\t<div class=\"e-con-inner\">\n\t\t\t\t<div class=\"elementor-element elementor-element-1cc46e2 elementor-align-center elementor-widget__width-auto elementor-mobile-align-justify elementor-widget-mobile__width-inherit elementor-widget elementor-widget-button\" data-id=\"1cc46e2\" data-element_type=\"widget\" data-widget_type=\"button.default\">\n\t\t\t\t<div class=\"elementor-widget-container\">\n\t\t\t\t\t\t\t\t\t<div class=\"elementor-button-wrapper\">\n\t\t\t\t\t<a class=\"elementor-button elementor-button-link elementor-size-sm\" href=\"https:\/\/euregio-vocalworkshop.eu\/nl\/evenementenarchief\/het-team-2024\/\">\n\t\t\t\t\t\t<span class=\"elementor-button-content-wrapper\">\n\t\t\t\t\t\t<span class=\"elementor-button-icon\">\n\t\t\t\t<i aria-hidden=\"true\" class=\"fas fa-caret-right\"><\/i>\t\t\t<\/span>\n\t\t\t\t\t\t\t\t\t<span class=\"elementor-button-text\">Het team<\/span>\n\t\t\t\t\t<\/span>\n\t\t\t\t\t<\/a>\n\t\t\t\t<\/div>\n\t\t\t\t\t\t\t\t<\/div>\n\t\t\t\t<\/div>\n\t\t\t\t<div class=\"elementor-element elementor-element-574f4e4 elementor-align-center elementor-mobile-align-justify elementor-widget__width-auto elementor-widget-mobile__width-inherit elementor-widget elementor-widget-button\" data-id=\"574f4e4\" data-element_type=\"widget\" data-widget_type=\"button.default\">\n\t\t\t\t<div class=\"elementor-widget-container\">\n\t\t\t\t\t\t\t\t\t<div class=\"elementor-button-wrapper\">\n\t\t\t\t\t<a class=\"elementor-button elementor-button-link elementor-size-sm\" href=\"https:\/\/euregio-vocalworkshop.eu\/nl\/geselecteerde-musici-2024\/\">\n\t\t\t\t\t\t<span class=\"elementor-button-content-wrapper\">\n\t\t\t\t\t\t<span class=\"elementor-button-icon\">\n\t\t\t\t<i aria-hidden=\"true\" class=\"fas fa-caret-right\"><\/i>\t\t\t<\/span>\n\t\t\t\t\t\t\t\t\t<span class=\"elementor-button-text\">De musici<\/span>\n\t\t\t\t\t<\/span>\n\t\t\t\t\t<\/a>\n\t\t\t\t<\/div>\n\t\t\t\t\t\t\t\t<\/div>\n\t\t\t\t<\/div>\n\t\t\t\t<div class=\"elementor-element elementor-element-087bfa8 elementor-align-center elementor-widget elementor-widget-button\" data-id=\"087bfa8\" data-element_type=\"widget\" data-widget_type=\"button.default\">\n\t\t\t\t<div class=\"elementor-widget-container\">\n\t\t\t\t\t\t\t\t\t<div class=\"elementor-button-wrapper\">\n\t\t\t\t\t<a class=\"elementor-button elementor-button-link elementor-size-sm\" href=\"https:\/\/euregio-vocalworkshop.eu\/nl\/aankondiging-performances-2024-2\/\">\n\t\t\t\t\t\t<span class=\"elementor-button-content-wrapper\">\n\t\t\t\t\t\t<span class=\"elementor-button-icon\">\n\t\t\t\t<i aria-hidden=\"true\" class=\"fas fa-caret-right\"><\/i>\t\t\t<\/span>\n\t\t\t\t\t\t\t\t\t<span class=\"elementor-button-text\">Aankondiging Performances<\/span>\n\t\t\t\t\t<\/span>\n\t\t\t\t\t<\/a>\n\t\t\t\t<\/div>\n\t\t\t\t\t\t\t\t<\/div>\n\t\t\t\t<\/div>\n\t\t\t\t<div class=\"elementor-element elementor-element-577eb08 elementor-align-center elementor-mobile-align-justify elementor-widget__width-auto elementor-widget-mobile__width-inherit elementor-widget elementor-widget-button\" data-id=\"577eb08\" data-element_type=\"widget\" data-widget_type=\"button.default\">\n\t\t\t\t<div class=\"elementor-widget-container\">\n\t\t\t\t\t\t\t\t\t<div class=\"elementor-button-wrapper\">\n\t\t\t\t\t<a class=\"elementor-button elementor-button-link elementor-size-sm\" href=\"https:\/\/euregio-vocalworkshop.eu\/nl\/de-concerten-in-2024\/\">\n\t\t\t\t\t\t<span class=\"elementor-button-content-wrapper\">\n\t\t\t\t\t\t<span class=\"elementor-button-icon\">\n\t\t\t\t<i aria-hidden=\"true\" class=\"fas fa-caret-right\"><\/i>\t\t\t<\/span>\n\t\t\t\t\t\t\t\t\t<span class=\"elementor-button-text\">De concerten<\/span>\n\t\t\t\t\t<\/span>\n\t\t\t\t\t<\/a>\n\t\t\t\t<\/div>\n\t\t\t\t\t\t\t\t<\/div>\n\t\t\t\t<\/div>\n\t\t\t\t\t<\/div>\n\t\t\t\t<\/div>\n\t\t\t\t<section class=\"elementor-section elementor-top-section elementor-element elementor-element-fa4db60 elementor-section-full_width elementor-section-height-default elementor-section-height-default\" data-id=\"fa4db60\" data-element_type=\"section\">\n\t\t\t\t\t\t<div class=\"elementor-container elementor-column-gap-default\">\n\t\t\t\t\t<div class=\"elementor-column elementor-col-100 elementor-top-column elementor-element elementor-element-403f9ef\" data-id=\"403f9ef\" data-element_type=\"column\">\n\t\t\t<div class=\"elementor-widget-wrap elementor-element-populated\">\n\t\t\t\t\t\t<div class=\"elementor-element elementor-element-2ef7736 elementor-align-center elementor-widget__width-auto elementor-mobile-align-justify elementor-widget-mobile__width-inherit elementor-widget elementor-widget-button\" data-id=\"2ef7736\" data-element_type=\"widget\" data-widget_type=\"button.default\">\n\t\t\t\t<div class=\"elementor-widget-container\">\n\t\t\t\t\t\t\t\t\t<div class=\"elementor-button-wrapper\">\n\t\t\t\t\t<a class=\"elementor-button elementor-button-link elementor-size-sm\" href=\"https:\/\/euregio-vocalworkshop.eu\/nl\/evenementenarchief\/\">\n\t\t\t\t\t\t<span class=\"elementor-button-content-wrapper\">\n\t\t\t\t\t\t<span class=\"elementor-button-icon\">\n\t\t\t\t<i aria-hidden=\"true\" class=\"fas fa-caret-right\"><\/i>\t\t\t<\/span>\n\t\t\t\t\t\t\t\t\t<span class=\"elementor-button-text\">Terug naar archief<\/span>\n\t\t\t\t\t<\/span>\n\t\t\t\t\t<\/a>\n\t\t\t\t<\/div>\n\t\t\t\t\t\t\t\t<\/div>\n\t\t\t\t<\/div>\n\t\t\t\t\t<\/div>\n\t\t<\/div>\n\t\t\t\t\t<\/div>\n\t\t<\/section>\n\t\t\t\t<\/div>\n\t\t","protected":false},"excerpt":{"rendered":"<p>PROGRAMMA On stage 2024 Hieronder vind je het schema voor ons 2-daagse evenement &#8220;on stage&#8221;. Programma on Stage Zaterdag 16 Maart 14:00 Welkom 14:15 Andrea Zylka Voi che sapete &#8211; Wolfgang A Mozart Porgi amor qualche ristoro &#8211; Wolfgang A Mozart Lascia ch&#8217;io pianga &#8211; Georg F H\u00e4ndel 14:30 Carolin Schumann Weight of the world [&hellip;]<\/p>\n","protected":false},"author":5,"featured_media":0,"parent":0,"menu_order":20,"comment_status":"closed","ping_status":"closed","template":"elementor_header_footer","meta":{"_acf_changed":false,"footnotes":""},"class_list":["post-6315","page","type-page","status-publish","hentry"],"acf":[],"yoast_head":"<!-- This site is optimized with the Yoast SEO plugin v24.8.1 - https:\/\/yoast.com\/wordpress\/plugins\/seo\/ -->\n<title>Programma on stage 2024 - Euregio Vocalworkshop<\/title>\n<meta name=\"robots\" content=\"index, follow, max-snippet:-1, max-image-preview:large, max-video-preview:-1\" \/>\n<link rel=\"canonical\" href=\"https:\/\/euregio-vocalworkshop.eu\/nl\/programma\/\" \/>\n<meta property=\"og:locale\" content=\"nl_NL\" \/>\n<meta property=\"og:type\" content=\"article\" \/>\n<meta property=\"og:title\" content=\"Programma on stage 2024 - Euregio Vocalworkshop\" \/>\n<meta property=\"og:description\" content=\"PROGRAMMA On stage 2024 Hieronder vind je het schema voor ons 2-daagse evenement &#8220;on stage&#8221;. Programma on Stage Zaterdag 16 Maart 14:00 Welkom 14:15 Andrea Zylka Voi che sapete &#8211; Wolfgang A Mozart Porgi amor qualche ristoro &#8211; Wolfgang A Mozart Lascia ch&#8217;io pianga &#8211; Georg F H\u00e4ndel 14:30 Carolin Schumann Weight of the world [&hellip;]\" \/>\n<meta property=\"og:url\" content=\"https:\/\/euregio-vocalworkshop.eu\/nl\/programma\/\" \/>\n<meta property=\"og:site_name\" content=\"Euregio Vocalworkshop\" \/>\n<meta property=\"article:modified_time\" content=\"2024-05-08T08:38:47+00:00\" \/>\n<meta property=\"og:image\" content=\"https:\/\/euregio-vocalworkshop.eu\/wp-content\/uploads\/Notenblatt.webp\" \/>\n<meta name=\"twitter:card\" content=\"summary_large_image\" \/>\n<meta name=\"twitter:label1\" content=\"Geschatte leestijd\" \/>\n\t<meta name=\"twitter:data1\" content=\"1 minuut\" \/>\n<script type=\"application\/ld+json\" class=\"yoast-schema-graph\">{\"@context\":\"https:\/\/schema.org\",\"@graph\":[{\"@type\":\"WebPage\",\"@id\":\"https:\/\/euregio-vocalworkshop.eu\/nl\/programma\/\",\"url\":\"https:\/\/euregio-vocalworkshop.eu\/nl\/programma\/\",\"name\":\"Programma on stage 2024 - Euregio Vocalworkshop\",\"isPartOf\":{\"@id\":\"https:\/\/euregio-vocalworkshop.eu\/nl\/#website\"},\"primaryImageOfPage\":{\"@id\":\"https:\/\/euregio-vocalworkshop.eu\/nl\/programma\/#primaryimage\"},\"image\":{\"@id\":\"https:\/\/euregio-vocalworkshop.eu\/nl\/programma\/#primaryimage\"},\"thumbnailUrl\":\"https:\/\/euregio-vocalworkshop.eu\/wp-content\/uploads\/Notenblatt.webp\",\"datePublished\":\"2024-03-04T10:37:20+00:00\",\"dateModified\":\"2024-05-08T08:38:47+00:00\",\"breadcrumb\":{\"@id\":\"https:\/\/euregio-vocalworkshop.eu\/nl\/programma\/#breadcrumb\"},\"inLanguage\":\"nl-NL\",\"potentialAction\":[{\"@type\":\"ReadAction\",\"target\":[\"https:\/\/euregio-vocalworkshop.eu\/nl\/programma\/\"]}]},{\"@type\":\"ImageObject\",\"inLanguage\":\"nl-NL\",\"@id\":\"https:\/\/euregio-vocalworkshop.eu\/nl\/programma\/#primaryimage\",\"url\":\"https:\/\/euregio-vocalworkshop.eu\/wp-content\/uploads\/Notenblatt.webp\",\"contentUrl\":\"https:\/\/euregio-vocalworkshop.eu\/wp-content\/uploads\/Notenblatt.webp\"},{\"@type\":\"BreadcrumbList\",\"@id\":\"https:\/\/euregio-vocalworkshop.eu\/nl\/programma\/#breadcrumb\",\"itemListElement\":[{\"@type\":\"ListItem\",\"position\":1,\"name\":\"Startseite\",\"item\":\"https:\/\/euregio-vocalworkshop.eu\/nl\/\"},{\"@type\":\"ListItem\",\"position\":2,\"name\":\"Programma on stage 2024\"}]},{\"@type\":\"WebSite\",\"@id\":\"https:\/\/euregio-vocalworkshop.eu\/nl\/#website\",\"url\":\"https:\/\/euregio-vocalworkshop.eu\/nl\/\",\"name\":\"Euregio Vocalworkshop\",\"description\":\"\",\"publisher\":{\"@id\":\"https:\/\/euregio-vocalworkshop.eu\/nl\/#organization\"},\"potentialAction\":[{\"@type\":\"SearchAction\",\"target\":{\"@type\":\"EntryPoint\",\"urlTemplate\":\"https:\/\/euregio-vocalworkshop.eu\/nl\/?s={search_term_string}\"},\"query-input\":{\"@type\":\"PropertyValueSpecification\",\"valueRequired\":true,\"valueName\":\"search_term_string\"}}],\"inLanguage\":\"nl-NL\"},{\"@type\":\"Organization\",\"@id\":\"https:\/\/euregio-vocalworkshop.eu\/nl\/#organization\",\"name\":\"Euregio Vocalworkshop\",\"url\":\"https:\/\/euregio-vocalworkshop.eu\/nl\/\",\"logo\":{\"@type\":\"ImageObject\",\"inLanguage\":\"nl-NL\",\"@id\":\"https:\/\/euregio-vocalworkshop.eu\/nl\/#\/schema\/logo\/image\/\",\"url\":\"https:\/\/euregio-vocalworkshop.eu\/wp-content\/uploads\/logo-evw-deutsch.svg\",\"contentUrl\":\"https:\/\/euregio-vocalworkshop.eu\/wp-content\/uploads\/logo-evw-deutsch.svg\",\"width\":656,\"height\":346,\"caption\":\"Euregio Vocalworkshop\"},\"image\":{\"@id\":\"https:\/\/euregio-vocalworkshop.eu\/nl\/#\/schema\/logo\/image\/\"}}]}<\/script>\n<!-- \/ Yoast SEO plugin. -->","yoast_head_json":{"title":"Programma on stage 2024 - Euregio Vocalworkshop","robots":{"index":"index","follow":"follow","max-snippet":"max-snippet:-1","max-image-preview":"max-image-preview:large","max-video-preview":"max-video-preview:-1"},"canonical":"https:\/\/euregio-vocalworkshop.eu\/nl\/programma\/","og_locale":"nl_NL","og_type":"article","og_title":"Programma on stage 2024 - Euregio Vocalworkshop","og_description":"PROGRAMMA On stage 2024 Hieronder vind je het schema voor ons 2-daagse evenement &#8220;on stage&#8221;. Programma on Stage Zaterdag 16 Maart 14:00 Welkom 14:15 Andrea Zylka Voi che sapete &#8211; Wolfgang A Mozart Porgi amor qualche ristoro &#8211; Wolfgang A Mozart Lascia ch&#8217;io pianga &#8211; Georg F H\u00e4ndel 14:30 Carolin Schumann Weight of the world [&hellip;]","og_url":"https:\/\/euregio-vocalworkshop.eu\/nl\/programma\/","og_site_name":"Euregio Vocalworkshop","article_modified_time":"2024-05-08T08:38:47+00:00","og_image":[{"url":"https:\/\/euregio-vocalworkshop.eu\/wp-content\/uploads\/Notenblatt.webp","type":"","width":"","height":""}],"twitter_card":"summary_large_image","twitter_misc":{"Geschatte leestijd":"1 minuut"},"schema":{"@context":"https:\/\/schema.org","@graph":[{"@type":"WebPage","@id":"https:\/\/euregio-vocalworkshop.eu\/nl\/programma\/","url":"https:\/\/euregio-vocalworkshop.eu\/nl\/programma\/","name":"Programma on stage 2024 - Euregio Vocalworkshop","isPartOf":{"@id":"https:\/\/euregio-vocalworkshop.eu\/nl\/#website"},"primaryImageOfPage":{"@id":"https:\/\/euregio-vocalworkshop.eu\/nl\/programma\/#primaryimage"},"image":{"@id":"https:\/\/euregio-vocalworkshop.eu\/nl\/programma\/#primaryimage"},"thumbnailUrl":"https:\/\/euregio-vocalworkshop.eu\/wp-content\/uploads\/Notenblatt.webp","datePublished":"2024-03-04T10:37:20+00:00","dateModified":"2024-05-08T08:38:47+00:00","breadcrumb":{"@id":"https:\/\/euregio-vocalworkshop.eu\/nl\/programma\/#breadcrumb"},"inLanguage":"nl-NL","potentialAction":[{"@type":"ReadAction","target":["https:\/\/euregio-vocalworkshop.eu\/nl\/programma\/"]}]},{"@type":"ImageObject","inLanguage":"nl-NL","@id":"https:\/\/euregio-vocalworkshop.eu\/nl\/programma\/#primaryimage","url":"https:\/\/euregio-vocalworkshop.eu\/wp-content\/uploads\/Notenblatt.webp","contentUrl":"https:\/\/euregio-vocalworkshop.eu\/wp-content\/uploads\/Notenblatt.webp"},{"@type":"BreadcrumbList","@id":"https:\/\/euregio-vocalworkshop.eu\/nl\/programma\/#breadcrumb","itemListElement":[{"@type":"ListItem","position":1,"name":"Startseite","item":"https:\/\/euregio-vocalworkshop.eu\/nl\/"},{"@type":"ListItem","position":2,"name":"Programma on stage 2024"}]},{"@type":"WebSite","@id":"https:\/\/euregio-vocalworkshop.eu\/nl\/#website","url":"https:\/\/euregio-vocalworkshop.eu\/nl\/","name":"Euregio Vocalworkshop","description":"","publisher":{"@id":"https:\/\/euregio-vocalworkshop.eu\/nl\/#organization"},"potentialAction":[{"@type":"SearchAction","target":{"@type":"EntryPoint","urlTemplate":"https:\/\/euregio-vocalworkshop.eu\/nl\/?s={search_term_string}"},"query-input":{"@type":"PropertyValueSpecification","valueRequired":true,"valueName":"search_term_string"}}],"inLanguage":"nl-NL"},{"@type":"Organization","@id":"https:\/\/euregio-vocalworkshop.eu\/nl\/#organization","name":"Euregio Vocalworkshop","url":"https:\/\/euregio-vocalworkshop.eu\/nl\/","logo":{"@type":"ImageObject","inLanguage":"nl-NL","@id":"https:\/\/euregio-vocalworkshop.eu\/nl\/#\/schema\/logo\/image\/","url":"https:\/\/euregio-vocalworkshop.eu\/wp-content\/uploads\/logo-evw-deutsch.svg","contentUrl":"https:\/\/euregio-vocalworkshop.eu\/wp-content\/uploads\/logo-evw-deutsch.svg","width":656,"height":346,"caption":"Euregio Vocalworkshop"},"image":{"@id":"https:\/\/euregio-vocalworkshop.eu\/nl\/#\/schema\/logo\/image\/"}}]}},"_links":{"self":[{"href":"https:\/\/euregio-vocalworkshop.eu\/nl\/wp-json\/wp\/v2\/pages\/6315","targetHints":{"allow":["GET"]}}],"collection":[{"href":"https:\/\/euregio-vocalworkshop.eu\/nl\/wp-json\/wp\/v2\/pages"}],"about":[{"href":"https:\/\/euregio-vocalworkshop.eu\/nl\/wp-json\/wp\/v2\/types\/page"}],"author":[{"embeddable":true,"href":"https:\/\/euregio-vocalworkshop.eu\/nl\/wp-json\/wp\/v2\/users\/5"}],"replies":[{"embeddable":true,"href":"https:\/\/euregio-vocalworkshop.eu\/nl\/wp-json\/wp\/v2\/comments?post=6315"}],"version-history":[{"count":15,"href":"https:\/\/euregio-vocalworkshop.eu\/nl\/wp-json\/wp\/v2\/pages\/6315\/revisions"}],"predecessor-version":[{"id":7156,"href":"https:\/\/euregio-vocalworkshop.eu\/nl\/wp-json\/wp\/v2\/pages\/6315\/revisions\/7156"}],"wp:attachment":[{"href":"https:\/\/euregio-vocalworkshop.eu\/nl\/wp-json\/wp\/v2\/media?parent=6315"}],"curies":[{"name":"wp","href":"https:\/\/api.w.org\/{rel}","templated":true}]}}