{"id":7641,"date":"2024-09-23T11:08:44","date_gmt":"2024-09-23T09:08:44","guid":{"rendered":"https:\/\/euregio-vocalworkshop.eu\/armanda-ten-brink\/"},"modified":"2024-09-30T10:30:41","modified_gmt":"2024-09-30T08:30:41","slug":"armanda-ten-brink","status":"publish","type":"page","link":"https:\/\/euregio-vocalworkshop.eu\/nl\/armanda-ten-brink\/","title":{"rendered":"Armanda ten Brink"},"content":{"rendered":"\t\t<div data-elementor-type=\"wp-page\" data-elementor-id=\"7641\" class=\"elementor elementor-7641 elementor-7569\" data-elementor-settings=\"{&quot;ha_cmc_init_switcher&quot;:&quot;no&quot;}\" data-elementor-post-type=\"page\">\n\t\t\t\t\t\t<section class=\"elementor-section elementor-top-section elementor-element elementor-element-0ec10cb elementor-section-full_width elementor-section-height-min-height elementor-section-height-default elementor-section-items-middle\" data-id=\"0ec10cb\" data-element_type=\"section\" data-settings=\"{&quot;background_background&quot;:&quot;classic&quot;}\">\n\t\t\t\t\t\t<div class=\"elementor-container elementor-column-gap-default\">\n\t\t\t\t\t<div class=\"elementor-column elementor-col-100 elementor-top-column elementor-element elementor-element-b5d9b09\" data-id=\"b5d9b09\" data-element_type=\"column\">\n\t\t\t<div class=\"elementor-widget-wrap\">\n\t\t\t\t\t\t\t<\/div>\n\t\t<\/div>\n\t\t\t\t\t<\/div>\n\t\t<\/section>\n\t\t\t\t<section class=\"elementor-section elementor-top-section elementor-element elementor-element-4b5eb96 elementor-section-boxed elementor-section-height-default elementor-section-height-default\" data-id=\"4b5eb96\" data-element_type=\"section\">\n\t\t\t\t\t\t<div class=\"elementor-container elementor-column-gap-default\">\n\t\t\t\t\t<div class=\"elementor-column elementor-col-100 elementor-top-column elementor-element elementor-element-df1d8cf\" data-id=\"df1d8cf\" data-element_type=\"column\">\n\t\t\t<div class=\"elementor-widget-wrap elementor-element-populated\">\n\t\t\t\t\t\t<div class=\"elementor-element elementor-element-e766cee elementor-invisible elementor-widget elementor-widget-heading\" data-id=\"e766cee\" data-element_type=\"widget\" data-settings=\"{&quot;_animation&quot;:&quot;fadeIn&quot;,&quot;_animation_delay&quot;:400}\" data-widget_type=\"heading.default\">\n\t\t\t\t<div class=\"elementor-widget-container\">\n\t\t\t\t\t<h1 class=\"elementor-heading-title elementor-size-default\"> <br>Armanda ten Brink Pianist <small>2025<span><\/span><span><\/span><\/small><\/h1>\t\t\t\t<\/div>\n\t\t\t\t<\/div>\n\t\t\t\t<div class=\"elementor-element elementor-element-7e7e4c8 elementor-invisible elementor-widget elementor-widget-text-editor\" data-id=\"7e7e4c8\" data-element_type=\"widget\" data-settings=\"{&quot;_animation&quot;:&quot;fadeIn&quot;,&quot;_animation_delay&quot;:800}\" data-widget_type=\"text-editor.default\">\n\t\t\t\t<div class=\"elementor-widget-container\">\n\t\t\t\t\t\t\t\t\t<p>Armanda ten Brink studeerde Schoolmuziek (w.o. koordirectie) en Piano (docerend en uitvoerend) aan het conservatorium te Enschede. Later studeerde ze af voor solozang. De disciplines koordirectie, piano en zang zijn de belangrijke pijlers in haar muzikale leven, en onlosmakelijk met elkaar verbonden, zoals door optredens als zangeres bij diverse koren en door soloconcerten in Nederland en Duitsland.<\/p>\n<p>Als vocal coach werkte ze samen met Jan Willem de Vriend bij de operaprojecten <em>Don Giovanni<\/em> (tournee door Nederland) en <em>Le Nozze di Figaro<\/em> (in Itali\u00eb en Kroati\u00eb), en ze assisteerde bij de wereldpremi\u00e8re van <em>Sing, the music was given<\/em> van Karl Jenkins in Carnegie Hall in New York.<\/p>\n<p>Ze werkte als dirigent met het Nederlands Symfonieorkest (nu Phion) bij de Europese premi\u00e8res van werken van Karl Jenkins, bij het Oost Nederlands Symfonie Orkest dirigeerde ze oratoria (o.a. van Mozart, H\u00e4ndel, Haydn en Orff) en met diverse ensembles voerde ze musicals uit (o.a. <em>Jesus Christ Superstar, Cinderella, 3 Musketiers, Ciske de Rat<\/em> en <em>Titanic<\/em>).<\/p>\n<p>Ze doceerde enige jaren zang in de afdelingen Opleiding Docent Muziek en Muziektherapie aan het ArtEZ Conservatorium te Enschede.<\/p>\n<p>Armanda werkt nu als stemcoach, pianist en dirigent bij diverse koren aan beide kanten van de grens en als zangdocent aan de Musikschule Niedergrafschaft. Daarnaast dirigeert ze jaarlijks het prestigieuze \u2018Benefizgala\u2019 in de Tonhalle in D\u00fcsseldorf. <\/p>\n\t\t\t\t\t\t\t\t<\/div>\n\t\t\t\t<\/div>\n\t\t\t\t\t<\/div>\n\t\t<\/div>\n\t\t\t\t\t<\/div>\n\t\t<\/section>\n\t\t\t\t<section class=\"elementor-section elementor-top-section elementor-element elementor-element-8fd0037 elementor-section-boxed elementor-section-height-default elementor-section-height-default\" data-id=\"8fd0037\" data-element_type=\"section\">\n\t\t\t\t\t\t<div class=\"elementor-container elementor-column-gap-default\">\n\t\t\t\t\t<div class=\"elementor-column elementor-col-100 elementor-top-column elementor-element elementor-element-f815f15\" data-id=\"f815f15\" data-element_type=\"column\">\n\t\t\t<div class=\"elementor-widget-wrap elementor-element-populated\">\n\t\t\t\t\t\t<div class=\"elementor-element elementor-element-afcc04a elementor-align-center elementor-widget elementor-widget-button\" data-id=\"afcc04a\" data-element_type=\"widget\" data-widget_type=\"button.default\">\n\t\t\t\t<div class=\"elementor-widget-container\">\n\t\t\t\t\t\t\t\t\t<div class=\"elementor-button-wrapper\">\n\t\t\t\t\t<a class=\"elementor-button elementor-button-link elementor-size-xl\" href=\"https:\/\/euregio-vocalworkshop.eu\/nl\/#team\">\n\t\t\t\t\t\t<span class=\"elementor-button-content-wrapper\">\n\t\t\t\t\t\t<span class=\"elementor-button-icon\">\n\t\t\t\t<i aria-hidden=\"true\" class=\"far fa-angle-right\"><\/i>\t\t\t<\/span>\n\t\t\t\t\t\t\t\t\t<span class=\"elementor-button-text\">Naar het Team<\/span>\n\t\t\t\t\t<\/span>\n\t\t\t\t\t<\/a>\n\t\t\t\t<\/div>\n\t\t\t\t\t\t\t\t<\/div>\n\t\t\t\t<\/div>\n\t\t\t\t\t<\/div>\n\t\t<\/div>\n\t\t\t\t\t<\/div>\n\t\t<\/section>\n\t\t\t\t<\/div>\n\t\t","protected":false},"excerpt":{"rendered":"<p>Armanda ten Brink Pianist 2025 Armanda ten Brink studeerde Schoolmuziek (w.o. koordirectie) en Piano (docerend en uitvoerend) aan het conservatorium te Enschede. Later studeerde ze af voor solozang. De disciplines koordirectie, piano en zang zijn de belangrijke pijlers in haar muzikale leven, en onlosmakelijk met elkaar verbonden, zoals door optredens als zangeres bij diverse koren [&hellip;]<\/p>\n","protected":false},"author":5,"featured_media":0,"parent":0,"menu_order":40,"comment_status":"closed","ping_status":"closed","template":"elementor_header_footer","meta":{"_acf_changed":false,"footnotes":""},"class_list":["post-7641","page","type-page","status-publish","hentry"],"acf":[],"yoast_head":"<!-- This site is optimized with the Yoast SEO plugin v24.8.1 - https:\/\/yoast.com\/wordpress\/plugins\/seo\/ -->\n<title>Armanda ten Brink - Euregio Vocalworkshop<\/title>\n<meta name=\"robots\" content=\"index, follow, max-snippet:-1, max-image-preview:large, max-video-preview:-1\" \/>\n<link rel=\"canonical\" href=\"https:\/\/euregio-vocalworkshop.eu\/nl\/armanda-ten-brink\/\" \/>\n<meta property=\"og:locale\" content=\"nl_NL\" \/>\n<meta property=\"og:type\" content=\"article\" \/>\n<meta property=\"og:title\" content=\"Armanda ten Brink - Euregio Vocalworkshop\" \/>\n<meta property=\"og:description\" content=\"Armanda ten Brink Pianist 2025 Armanda ten Brink studeerde Schoolmuziek (w.o. koordirectie) en Piano (docerend en uitvoerend) aan het conservatorium te Enschede. Later studeerde ze af voor solozang. De disciplines koordirectie, piano en zang zijn de belangrijke pijlers in haar muzikale leven, en onlosmakelijk met elkaar verbonden, zoals door optredens als zangeres bij diverse koren [&hellip;]\" \/>\n<meta property=\"og:url\" content=\"https:\/\/euregio-vocalworkshop.eu\/nl\/armanda-ten-brink\/\" \/>\n<meta property=\"og:site_name\" content=\"Euregio Vocalworkshop\" \/>\n<meta property=\"article:modified_time\" content=\"2024-09-30T08:30:41+00:00\" \/>\n<meta name=\"twitter:card\" content=\"summary_large_image\" \/>\n<meta name=\"twitter:label1\" content=\"Geschatte leestijd\" \/>\n\t<meta name=\"twitter:data1\" content=\"1 minuut\" \/>\n<script type=\"application\/ld+json\" class=\"yoast-schema-graph\">{\"@context\":\"https:\/\/schema.org\",\"@graph\":[{\"@type\":\"WebPage\",\"@id\":\"https:\/\/euregio-vocalworkshop.eu\/nl\/armanda-ten-brink\/\",\"url\":\"https:\/\/euregio-vocalworkshop.eu\/nl\/armanda-ten-brink\/\",\"name\":\"Armanda ten Brink - Euregio Vocalworkshop\",\"isPartOf\":{\"@id\":\"https:\/\/euregio-vocalworkshop.eu\/nl\/#website\"},\"datePublished\":\"2024-09-23T09:08:44+00:00\",\"dateModified\":\"2024-09-30T08:30:41+00:00\",\"breadcrumb\":{\"@id\":\"https:\/\/euregio-vocalworkshop.eu\/nl\/armanda-ten-brink\/#breadcrumb\"},\"inLanguage\":\"nl-NL\",\"potentialAction\":[{\"@type\":\"ReadAction\",\"target\":[\"https:\/\/euregio-vocalworkshop.eu\/nl\/armanda-ten-brink\/\"]}]},{\"@type\":\"BreadcrumbList\",\"@id\":\"https:\/\/euregio-vocalworkshop.eu\/nl\/armanda-ten-brink\/#breadcrumb\",\"itemListElement\":[{\"@type\":\"ListItem\",\"position\":1,\"name\":\"Startseite\",\"item\":\"https:\/\/euregio-vocalworkshop.eu\/nl\/\"},{\"@type\":\"ListItem\",\"position\":2,\"name\":\"Armanda ten Brink\"}]},{\"@type\":\"WebSite\",\"@id\":\"https:\/\/euregio-vocalworkshop.eu\/nl\/#website\",\"url\":\"https:\/\/euregio-vocalworkshop.eu\/nl\/\",\"name\":\"Euregio Vocalworkshop\",\"description\":\"\",\"publisher\":{\"@id\":\"https:\/\/euregio-vocalworkshop.eu\/nl\/#organization\"},\"potentialAction\":[{\"@type\":\"SearchAction\",\"target\":{\"@type\":\"EntryPoint\",\"urlTemplate\":\"https:\/\/euregio-vocalworkshop.eu\/nl\/?s={search_term_string}\"},\"query-input\":{\"@type\":\"PropertyValueSpecification\",\"valueRequired\":true,\"valueName\":\"search_term_string\"}}],\"inLanguage\":\"nl-NL\"},{\"@type\":\"Organization\",\"@id\":\"https:\/\/euregio-vocalworkshop.eu\/nl\/#organization\",\"name\":\"Euregio Vocalworkshop\",\"url\":\"https:\/\/euregio-vocalworkshop.eu\/nl\/\",\"logo\":{\"@type\":\"ImageObject\",\"inLanguage\":\"nl-NL\",\"@id\":\"https:\/\/euregio-vocalworkshop.eu\/nl\/#\/schema\/logo\/image\/\",\"url\":\"https:\/\/euregio-vocalworkshop.eu\/wp-content\/uploads\/logo-evw-deutsch.svg\",\"contentUrl\":\"https:\/\/euregio-vocalworkshop.eu\/wp-content\/uploads\/logo-evw-deutsch.svg\",\"width\":656,\"height\":346,\"caption\":\"Euregio Vocalworkshop\"},\"image\":{\"@id\":\"https:\/\/euregio-vocalworkshop.eu\/nl\/#\/schema\/logo\/image\/\"}}]}<\/script>\n<!-- \/ Yoast SEO plugin. -->","yoast_head_json":{"title":"Armanda ten Brink - Euregio Vocalworkshop","robots":{"index":"index","follow":"follow","max-snippet":"max-snippet:-1","max-image-preview":"max-image-preview:large","max-video-preview":"max-video-preview:-1"},"canonical":"https:\/\/euregio-vocalworkshop.eu\/nl\/armanda-ten-brink\/","og_locale":"nl_NL","og_type":"article","og_title":"Armanda ten Brink - Euregio Vocalworkshop","og_description":"Armanda ten Brink Pianist 2025 Armanda ten Brink studeerde Schoolmuziek (w.o. koordirectie) en Piano (docerend en uitvoerend) aan het conservatorium te Enschede. Later studeerde ze af voor solozang. De disciplines koordirectie, piano en zang zijn de belangrijke pijlers in haar muzikale leven, en onlosmakelijk met elkaar verbonden, zoals door optredens als zangeres bij diverse koren [&hellip;]","og_url":"https:\/\/euregio-vocalworkshop.eu\/nl\/armanda-ten-brink\/","og_site_name":"Euregio Vocalworkshop","article_modified_time":"2024-09-30T08:30:41+00:00","twitter_card":"summary_large_image","twitter_misc":{"Geschatte leestijd":"1 minuut"},"schema":{"@context":"https:\/\/schema.org","@graph":[{"@type":"WebPage","@id":"https:\/\/euregio-vocalworkshop.eu\/nl\/armanda-ten-brink\/","url":"https:\/\/euregio-vocalworkshop.eu\/nl\/armanda-ten-brink\/","name":"Armanda ten Brink - Euregio Vocalworkshop","isPartOf":{"@id":"https:\/\/euregio-vocalworkshop.eu\/nl\/#website"},"datePublished":"2024-09-23T09:08:44+00:00","dateModified":"2024-09-30T08:30:41+00:00","breadcrumb":{"@id":"https:\/\/euregio-vocalworkshop.eu\/nl\/armanda-ten-brink\/#breadcrumb"},"inLanguage":"nl-NL","potentialAction":[{"@type":"ReadAction","target":["https:\/\/euregio-vocalworkshop.eu\/nl\/armanda-ten-brink\/"]}]},{"@type":"BreadcrumbList","@id":"https:\/\/euregio-vocalworkshop.eu\/nl\/armanda-ten-brink\/#breadcrumb","itemListElement":[{"@type":"ListItem","position":1,"name":"Startseite","item":"https:\/\/euregio-vocalworkshop.eu\/nl\/"},{"@type":"ListItem","position":2,"name":"Armanda ten Brink"}]},{"@type":"WebSite","@id":"https:\/\/euregio-vocalworkshop.eu\/nl\/#website","url":"https:\/\/euregio-vocalworkshop.eu\/nl\/","name":"Euregio Vocalworkshop","description":"","publisher":{"@id":"https:\/\/euregio-vocalworkshop.eu\/nl\/#organization"},"potentialAction":[{"@type":"SearchAction","target":{"@type":"EntryPoint","urlTemplate":"https:\/\/euregio-vocalworkshop.eu\/nl\/?s={search_term_string}"},"query-input":{"@type":"PropertyValueSpecification","valueRequired":true,"valueName":"search_term_string"}}],"inLanguage":"nl-NL"},{"@type":"Organization","@id":"https:\/\/euregio-vocalworkshop.eu\/nl\/#organization","name":"Euregio Vocalworkshop","url":"https:\/\/euregio-vocalworkshop.eu\/nl\/","logo":{"@type":"ImageObject","inLanguage":"nl-NL","@id":"https:\/\/euregio-vocalworkshop.eu\/nl\/#\/schema\/logo\/image\/","url":"https:\/\/euregio-vocalworkshop.eu\/wp-content\/uploads\/logo-evw-deutsch.svg","contentUrl":"https:\/\/euregio-vocalworkshop.eu\/wp-content\/uploads\/logo-evw-deutsch.svg","width":656,"height":346,"caption":"Euregio Vocalworkshop"},"image":{"@id":"https:\/\/euregio-vocalworkshop.eu\/nl\/#\/schema\/logo\/image\/"}}]}},"_links":{"self":[{"href":"https:\/\/euregio-vocalworkshop.eu\/nl\/wp-json\/wp\/v2\/pages\/7641","targetHints":{"allow":["GET"]}}],"collection":[{"href":"https:\/\/euregio-vocalworkshop.eu\/nl\/wp-json\/wp\/v2\/pages"}],"about":[{"href":"https:\/\/euregio-vocalworkshop.eu\/nl\/wp-json\/wp\/v2\/types\/page"}],"author":[{"embeddable":true,"href":"https:\/\/euregio-vocalworkshop.eu\/nl\/wp-json\/wp\/v2\/users\/5"}],"replies":[{"embeddable":true,"href":"https:\/\/euregio-vocalworkshop.eu\/nl\/wp-json\/wp\/v2\/comments?post=7641"}],"version-history":[{"count":4,"href":"https:\/\/euregio-vocalworkshop.eu\/nl\/wp-json\/wp\/v2\/pages\/7641\/revisions"}],"predecessor-version":[{"id":7719,"href":"https:\/\/euregio-vocalworkshop.eu\/nl\/wp-json\/wp\/v2\/pages\/7641\/revisions\/7719"}],"wp:attachment":[{"href":"https:\/\/euregio-vocalworkshop.eu\/nl\/wp-json\/wp\/v2\/media?parent=7641"}],"curies":[{"name":"wp","href":"https:\/\/api.w.org\/{rel}","templated":true}]}}